{"id":17,"date":"2015-08-18T20:39:20","date_gmt":"2015-08-18T18:39:20","guid":{"rendered":"http:\/\/its-verlag.de\/cms\/?page_id=17"},"modified":"2026-03-04T18:27:55","modified_gmt":"2026-03-04T17:27:55","slug":"impressum","status":"publish","type":"page","link":"https:\/\/www.its-verlag.de\/cms\/impressum\/","title":{"rendered":"Impressum"},"content":{"rendered":"<p>[et_pb_section fb_built=&#8220;1&#8243; fullwidth=&#8220;on&#8220; custom_padding_last_edited=&#8220;on|desktop&#8220; _builder_version=&#8220;4.16&#8243; background_color=&#8220;#c09a3d&#8220; custom_padding_tablet=&#8220;50px|0|50px|0&#8243; custom_padding_phone=&#8220;50px|0|50px|0&#8243; transparent_background=&#8220;off&#8220; padding_mobile=&#8220;off&#8220; make_fullwidth=&#8220;off&#8220; use_custom_width=&#8220;off&#8220; width_unit=&#8220;on&#8220; global_colors_info=&#8220;{}&#8220;][et_pb_fullwidth_header title=&#8220;Impressum&#8220; subhead=&#8220;f\u00fcr die Webseite its-verlag.de&#8220; content_max_width=&#8220;none&#8220; admin_label=&#8220;Vollbreite Kopfzeile&#8220; _builder_version=&#8220;4.16&#8243; background_color=&#8220;rgba(255, 255, 255, 0)&#8220; button_one_letter_spacing_hover=&#8220;0&#8243; button_two_letter_spacing_hover=&#8220;0&#8243; global_colors_info=&#8220;{}&#8220; button_one_text_size__hover_enabled=&#8220;off&#8220; button_two_text_size__hover_enabled=&#8220;off&#8220; button_one_text_color__hover_enabled=&#8220;off&#8220; button_two_text_color__hover_enabled=&#8220;off&#8220; button_one_border_width__hover_enabled=&#8220;off&#8220; button_two_border_width__hover_enabled=&#8220;off&#8220; button_one_border_color__hover_enabled=&#8220;off&#8220; button_two_border_color__hover_enabled=&#8220;off&#8220; button_one_border_radius__hover_enabled=&#8220;off&#8220; button_two_border_radius__hover_enabled=&#8220;off&#8220; button_one_letter_spacing__hover_enabled=&#8220;on&#8220; button_one_letter_spacing__hover=&#8220;0&#8243; button_two_letter_spacing__hover_enabled=&#8220;on&#8220; button_two_letter_spacing__hover=&#8220;0&#8243; button_one_bg_color__hover_enabled=&#8220;off&#8220; button_two_bg_color__hover_enabled=&#8220;off&#8220;][\/et_pb_fullwidth_header][\/et_pb_section][et_pb_section fb_built=&#8220;1&#8243; theme_builder_area=&#8220;post_content&#8220; _builder_version=&#8220;4.27.6&#8243; _module_preset=&#8220;default&#8220; custom_padding=&#8220;40px||40px||true|false&#8220; hover_enabled=&#8220;0&#8243; sticky_enabled=&#8220;0&#8243;][et_pb_row _builder_version=&#8220;4.27.6&#8243; _module_preset=&#8220;default&#8220; theme_builder_area=&#8220;post_content&#8220;][et_pb_column _builder_version=&#8220;4.27.6&#8243; _module_preset=&#8220;default&#8220; type=&#8220;4_4&#8243; theme_builder_area=&#8220;post_content&#8220;][et_pb_text _builder_version=&#8220;4.27.6&#8243; _module_preset=&#8220;default&#8220; theme_builder_area=&#8220;post_content&#8220; hover_enabled=&#8220;0&#8243; sticky_enabled=&#8220;0&#8243; header_2_font_size=&#8220;24px&#8220; header_2_font=&#8220;|600|||||||&#8220;]<\/p>\n<p>Isolde Tamme-Schmitz<br \/>ITS-Verlag<br \/>Johannes-Lang-Stra\u00dfe, 13<br \/>65618 Selters-M\u00fcnster<\/p>\n<h2>Kontakt<\/h2>\n<p>Telefon: +49(0) 64 83 \u2013 80 59 97<br \/>Telefax: +49(0) 64 83 \u2013 80 58 57<br \/>E-Mail: info@its-verlag.de<\/p>\n<h2>Umsatzsteuer-ID<\/h2>\n<p>Umsatzsteuer-Identifikationsnummer gem\u00e4\u00df \u00a7 27 a Umsatzsteuergesetz:<br \/>DE815074011<\/p>\n<h2>Redaktionell verantwortlich<\/h2>\n<p>Isolde Tamme-Schmitz<br \/>Johannes-Lang-Stra\u00dfe 13<br \/>D-65618 Selters-M\u00fcnster<\/p>\n<h2>Verbraucher\u00adstreit\u00adbeilegung\/Universal\u00adschlichtungs\u00adstelle<\/h2>\n<p>Wir sind nicht bereit oder verpflichtet, an Streitbeilegungsverfahren vor einer Verbraucherschlichtungsstelle teilzunehmen.<\/p>\n<p>Quelle: <a href=\"https:\/\/www.e-recht24.de\" target=\"_blank\" rel=\"noopener\">e-recht24.de<\/a><\/p>\n<p>[\/et_pb_text][\/et_pb_column][\/et_pb_row][\/et_pb_section][et_pb_section fb_built=&#8220;1&#8243; inner_shadow=&#8220;on&#8220; _builder_version=&#8220;4.27.6&#8243; background_color=&#8220;#f7f7f7&#8243; hover_enabled=&#8220;0&#8243; global_colors_info=&#8220;{}&#8220; custom_padding=&#8220;40px||40px||true|false&#8220; sticky_enabled=&#8220;0&#8243;][et_pb_row column_structure=&#8220;1_2,1_2&#8243; _builder_version=&#8220;4.27.6&#8243; background_size=&#8220;initial&#8220; background_position=&#8220;top_left&#8220; background_repeat=&#8220;repeat&#8220; hover_enabled=&#8220;0&#8243; global_colors_info=&#8220;{}&#8220; sticky_enabled=&#8220;0&#8243;][et_pb_column type=&#8220;1_2&#8243; _builder_version=&#8220;4.27.6&#8243; custom_padding=&#8220;||||false|false&#8220; hover_enabled=&#8220;0&#8243; global_colors_info=&#8220;{}&#8220; custom_padding__hover=&#8220;|||&#8220; sticky_enabled=&#8220;0&#8243;][et_pb_blurb title=&#8220;Domaininhaber&#8220; use_icon=&#8220;on&#8220; font_icon=&#8220;&#xe0e3;||divi||400&#8243; admin_label=&#8220;Blurb&#8220; _builder_version=&#8220;4.27.6&#8243; text_orientation=&#8220;center&#8220; use_border_color=&#8220;off&#8220; border_color=&#8220;#ffffff&#8220; border_style=&#8220;solid&#8220; image_max_width=&#8220;none&#8220; use_circle=&#8220;off&#8220; use_circle_border=&#8220;on&#8220; circle_border_color=&#8220;#093b73&#8243; circle_color=&#8220;#f7f7f7&#8243; global_colors_info=&#8220;{}&#8220; background_size=&#8220;initial&#8220; background_position=&#8220;top_left&#8220; background_repeat=&#8220;repeat&#8220; image_icon_width=&#8220;32px&#8220; custom_padding=&#8220;20px||20px||true|false&#8220; hover_enabled=&#8220;0&#8243; sticky_enabled=&#8220;0&#8243;]<\/p>\n<p><strong>Isolde Tamme-Schmitz<\/strong><br \/>Johannes-Lang-Stra\u00dfe 13 | 65618 Selters-M\u00fcnster<br \/>Telefon: 06483 80 59 97 | E-Mail: info@its-verlag.de<\/p>\n<p>[\/et_pb_blurb][et_pb_blurb title=&#8220;Gestaltung \/ Layout&#8220; use_icon=&#8220;on&#8220; font_icon=&#8220;&#xe0db;||divi||400&#8243; admin_label=&#8220;Blurb&#8220; _builder_version=&#8220;4.16&#8243; text_orientation=&#8220;center&#8220; use_border_color=&#8220;off&#8220; border_color=&#8220;#ffffff&#8220; border_style=&#8220;solid&#8220; image_max_width=&#8220;none&#8220; use_circle=&#8220;off&#8220; use_circle_border=&#8220;on&#8220; circle_border_color=&#8220;#093b73&#8243; circle_color=&#8220;#f7f7f7&#8243; global_colors_info=&#8220;{}&#8220; image_icon_width=&#8220;32px&#8220; background_size=&#8220;initial&#8220; background_position=&#8220;top_left&#8220; background_repeat=&#8220;repeat&#8220; custom_padding=&#8220;20px||20px||true|false&#8220;]JAEGER kommunikation &amp; design<br \/>\nInh. Ingo A. Jaeger<br \/>\nWallstra\u00dfe 14a | 23966 Wismar<br \/>\nTelefon: 03841 210074 | E-Mail: <a href=\"mailto:info@designjaeger.de\" target=\"_blank\">info@designjaeger.de<\/a><br \/>\n[\/et_pb_blurb][et_pb_blurb title=&#8220;Umsetzung \/ Realisierung&#8220; use_icon=&#8220;on&#8220; font_icon=&#8220;&#xe035;||divi||400&#8243; admin_label=&#8220;Blurb&#8220; _builder_version=&#8220;4.27.6&#8243; text_orientation=&#8220;center&#8220; use_border_color=&#8220;off&#8220; border_color=&#8220;#ffffff&#8220; border_style=&#8220;solid&#8220; image_max_width=&#8220;none&#8220; use_circle=&#8220;off&#8220; use_circle_border=&#8220;on&#8220; circle_border_color=&#8220;#093b73&#8243; circle_color=&#8220;#f7f7f7&#8243; global_colors_info=&#8220;{}&#8220; image_icon_width=&#8220;32px&#8220; background_size=&#8220;initial&#8220; background_position=&#8220;top_left&#8220; background_repeat=&#8220;repeat&#8220; custom_padding=&#8220;20px||20px||true|false&#8220;]<\/p>\n<p>Designagentur 9media<br \/>Inh. Stefan Landwehr<br \/>Waldweg 17 | 23974 Neuburg<br \/>Telefon: 038426 229977 | Web: <a href=\"http:\/\/www.9media.de\" target=\"_blank\" rel=\"noopener\">www.9media.de<\/a><\/p>\n<p>[\/et_pb_blurb][\/et_pb_column][et_pb_column type=&#8220;1_2&#8243; _builder_version=&#8220;4.16&#8243; custom_padding=&#8220;|||&#8220; global_colors_info=&#8220;{}&#8220; custom_padding__hover=&#8220;|||&#8220;][et_pb_text admin_label=&#8220;Text&#8220; _builder_version=&#8220;4.27.6&#8243; background_size=&#8220;initial&#8220; background_position=&#8220;top_left&#8220; background_repeat=&#8220;repeat&#8220; hover_enabled=&#8220;0&#8243; use_border_color=&#8220;off&#8220; border_color=&#8220;#ffffff&#8220; border_style=&#8220;solid&#8220; global_colors_info=&#8220;{}&#8220; text_font_size=&#8220;16px&#8220; text_line_height=&#8220;1.5em&#8220; sticky_enabled=&#8220;0&#8243;]<\/p>\n<p>&nbsp;<\/p>\n<p><strong>Hinweis zu externen Links:<\/strong><br \/>Die Web-Pr\u00e4senz ist Teil des WWW und dementsprechend mit fremden, sich jederzeit wandeln k\u00f6nnenden Web-Sites verkn\u00fcpft, die folglich auch nicht diesem Verantwortungsbereich unterliegen und f\u00fcr die nachfolgende Informationen nicht gelten. Dass die Links weder gegen Sitten noch Gesetze versto\u00dfen, wurde genau ein mal gepr\u00fcft: bevor sie hier aufgenommen wurden. Solche Links, die zu fremden Webprojekten f\u00fchren, erkennen Sie daran: neues Browserfenster geht auf.<\/p>\n<p><strong>Urheber- und Copyrightnachweis:<\/strong><br \/>Alle Rechte liegen bei den jeweiligen Autoren. Sollten wir mit irgendwelchen Inhalten unwissentlich Ihre Rechte verletzen, teilen Sie uns dieses bitte umgehend mit.<\/p>\n<p><strong>Photonachweis:<\/strong><br \/>Alle Photos sind urheberrechtlich gesch\u00fctzt und unterliegen dem Copyright.<\/p>\n<p><strong>Keine Haftung:<\/strong><br \/>Die Inhalte dieses Webprojektes wurden sorgf\u00e4ltig gepr\u00fcft und nach bestem Wissen erstellt. Aber f\u00fcr die hier dargebotenen Informationen wird kein Anspruch auf Vollst\u00e4ndigkeit, Aktualit\u00e4t, Qualit\u00e4t und Richtigkeit erhoben. Es kann keine Verantwortung f\u00fcr Sch\u00e4den \u00fcbernommen werden, die durch das Vertrauen auf die Inhalte dieser Website oder deren Gebrauch entstehen.<\/p>\n<p><strong>Schutzrechtsverletzung:<\/strong><br \/>Falls Sie vermuten, dass von dieser Website aus eines Ihrer Schutzrechte verletzt wird, teilen Sie das bitte umgehend per elektronischer Post mit, damit z\u00fcgig Abhilfe geschafft werden kann.<br \/>Bitte nehmen Sie zur Kenntnis:<br \/>Die zeitaufw\u00e4ndigere Einschaltung eines Anwaltes zur f\u00fcr den Diensteanbieter kostenpflichtigen Abmahnung entspricht nicht dessen wirklichen oder mutma\u00dflichen Willen.<\/p>\n<p>[\/et_pb_text][\/et_pb_column][\/et_pb_row][\/et_pb_section]<\/p>\n","protected":false},"excerpt":{"rendered":"<p>Isolde Tamme-SchmitzITS-VerlagJohannes-Lang-Stra\u00dfe, 1365618 Selters-M\u00fcnster Kontakt Telefon: +49(0) 64 83 \u2013 80 59 97Telefax: +49(0) 64 83 \u2013 80 58 57E-Mail: info@its-verlag.de Umsatzsteuer-ID Umsatzsteuer-Identifikationsnummer gem\u00e4\u00df \u00a7 27 a Umsatzsteuergesetz:DE815074011 Redaktionell verantwortlich Isolde Tamme-SchmitzJohannes-Lang-Stra\u00dfe 13D-65618 Selters-M\u00fcnster Verbraucher\u00adstreit\u00adbeilegung\/Universal\u00adschlichtungs\u00adstelle Wir sind nicht bereit oder verpflichtet, an Streitbeilegungsverfahren vor einer Verbraucherschlichtungsstelle teilzunehmen. Quelle: e-recht24.deIsolde Tamme-SchmitzJohannes-Lang-Stra\u00dfe 13 | 65618 Selters-M\u00fcnsterTelefon: 06483 [&hellip;]<\/p>\n","protected":false},"author":1,"featured_media":0,"parent":0,"menu_order":10,"comment_status":"open","ping_status":"open","template":"","meta":{"_et_pb_use_builder":"on","_et_pb_old_content":"","_et_gb_content_width":"","footnotes":""},"class_list":["post-17","page","type-page","status-publish","hentry"],"_links":{"self":[{"href":"https:\/\/www.its-verlag.de\/cms\/wp-json\/wp\/v2\/pages\/17","targetHints":{"allow":["GET"]}}],"collection":[{"href":"https:\/\/www.its-verlag.de\/cms\/wp-json\/wp\/v2\/pages"}],"about":[{"href":"https:\/\/www.its-verlag.de\/cms\/wp-json\/wp\/v2\/types\/page"}],"author":[{"embeddable":true,"href":"https:\/\/www.its-verlag.de\/cms\/wp-json\/wp\/v2\/users\/1"}],"replies":[{"embeddable":true,"href":"https:\/\/www.its-verlag.de\/cms\/wp-json\/wp\/v2\/comments?post=17"}],"version-history":[{"count":33,"href":"https:\/\/www.its-verlag.de\/cms\/wp-json\/wp\/v2\/pages\/17\/revisions"}],"predecessor-version":[{"id":1326,"href":"https:\/\/www.its-verlag.de\/cms\/wp-json\/wp\/v2\/pages\/17\/revisions\/1326"}],"wp:attachment":[{"href":"https:\/\/www.its-verlag.de\/cms\/wp-json\/wp\/v2\/media?parent=17"}],"curies":[{"name":"wp","href":"https:\/\/api.w.org\/{rel}","templated":true}]}}